{"id":2117,"date":"2021-03-17T12:12:34","date_gmt":"2021-03-17T12:12:34","guid":{"rendered":"http:\/\/sdk.edu.pl\/?page_id=2117"},"modified":"2026-02-19T12:27:50","modified_gmt":"2026-02-19T12:27:50","slug":"edukacja-i-terapia-osob-z-zaburzeniami-ze-spektrum-autyzmu","status":"publish","type":"page","link":"https:\/\/sdk.edu.pl\/index.php\/edukacja-i-terapia-osob-z-zaburzeniami-ze-spektrum-autyzmu\/","title":{"rendered":"Edukacja i terapia os\u00f3b z zaburzeniami ze spektrum autyzmu"},"content":{"rendered":"\t\t<div data-elementor-type=\"wp-post\" data-elementor-id=\"2117\" class=\"elementor elementor-2117\">\n\t\t\t\t\t\t\t\t\t<section class=\"elementor-section elementor-top-section elementor-element elementor-element-247ac1f elementor-section-boxed elementor-section-height-default elementor-section-height-default\" data-id=\"247ac1f\" data-element_type=\"section\">\n\t\t\t\t\t\t<div class=\"elementor-container elementor-column-gap-default\">\n\t\t\t\t\t<div class=\"elementor-column elementor-col-100 elementor-top-column elementor-element elementor-element-384d5e4\" data-id=\"384d5e4\" data-element_type=\"column\">\n\t\t\t<div class=\"elementor-widget-wrap elementor-element-populated\">\n\t\t\t\t\t\t\t\t<div class=\"elementor-element elementor-element-7a91f92 elementor-hidden-desktop elementor-hidden-tablet elementor-hidden-mobile elementor-widget elementor-widget-image\" data-id=\"7a91f92\" data-element_type=\"widget\" data-widget_type=\"image.default\">\n\t\t\t\t<div class=\"elementor-widget-container\">\n\t\t\t\t\t\t\t\t\t\t\t\t\t\t\t<img decoding=\"async\" src=\"https:\/\/sdk.edu.pl\/wp-content\/uploads\/elementor\/thumbs\/834c8-Bibliotekoznawstwo-i-informacja-naukowa-studia-p2y89svlc44rsu79die6jpcpob38wjy6nrv5zk82b0.jpg\" title=\"834c8-Bibliotekoznawstwo-i-informacja-naukowa-studia\" alt=\"Podpis...\" loading=\"lazy\" \/>\t\t\t\t\t\t\t\t\t\t\t\t\t\t\t<\/div>\n\t\t\t\t<\/div>\n\t\t\t\t<section class=\"elementor-section elementor-inner-section elementor-element elementor-element-f264130 elementor-section-full_width elementor-section-content-top elementor-section-height-default elementor-section-height-default\" data-id=\"f264130\" data-element_type=\"section\">\n\t\t\t\t\t\t<div class=\"elementor-container elementor-column-gap-no\">\n\t\t\t\t\t<div class=\"elementor-column elementor-col-50 elementor-inner-column elementor-element elementor-element-c09dc10\" data-id=\"c09dc10\" data-element_type=\"column\">\n\t\t\t<div class=\"elementor-widget-wrap elementor-element-populated\">\n\t\t\t\t\t\t\t\t<div class=\"elementor-element elementor-element-c6d40d8 elementor-widget elementor-widget-heading\" data-id=\"c6d40d8\" data-element_type=\"widget\" data-widget_type=\"heading.default\">\n\t\t\t\t<div class=\"elementor-widget-container\">\n\t\t\t<h2 class=\"elementor-heading-title elementor-size-default\">Edukacja i terapia os\u00f3b z zaburzeniami ze spektrum autyzmu<\/h2>\t\t<\/div>\n\t\t\t\t<\/div>\n\t\t\t\t<div class=\"elementor-element elementor-element-97dfed3 elementor-widget elementor-widget-heading\" data-id=\"97dfed3\" data-element_type=\"widget\" data-widget_type=\"heading.default\">\n\t\t\t\t<div class=\"elementor-widget-container\">\n\t\t\t<h5 class=\"elementor-heading-title elementor-size-default\">Adresaci:<\/h5>\t\t<\/div>\n\t\t\t\t<\/div>\n\t\t\t\t\t<\/div>\n\t\t<\/div>\n\t\t\t\t<div class=\"elementor-column elementor-col-50 elementor-inner-column elementor-element elementor-element-673582c\" data-id=\"673582c\" data-element_type=\"column\">\n\t\t\t<div class=\"elementor-widget-wrap elementor-element-populated\">\n\t\t\t\t\t\t\t\t<div class=\"elementor-element elementor-element-a939780 elementor-widget elementor-widget-text-editor\" data-id=\"a939780\" data-element_type=\"widget\" data-widget_type=\"text-editor.default\">\n\t\t\t\t<div class=\"elementor-widget-container\">\n\t\t\t\t\t\t\t<p>3300 z\u0142<\/p>\t\t\t\t\t\t<\/div>\n\t\t\t\t<\/div>\n\t\t\t\t\t<\/div>\n\t\t<\/div>\n\t\t\t\t\t\t\t<\/div>\n\t\t<\/section>\n\t\t\t\t<div class=\"elementor-element elementor-element-3d55aa1 elementor-widget elementor-widget-text-editor\" data-id=\"3d55aa1\" data-element_type=\"widget\" data-widget_type=\"text-editor.default\">\n\t\t\t\t<div class=\"elementor-widget-container\">\n\t\t\t\t\t\t\t<div align=\"justify\">\n<div align=\"justify\">Studia adresowane s\u0105 do os\u00f3b zainteresowanych poszerzeniem wiedzy w zakresie autyzmu, absolwent\u00f3w studi\u00f3w wy\u017cszych &#8211; licencjackich i magisterskich, posiadaj\u0105cych przygotowanie pedagogiczne.<\/div>\n<div align=\"justify\">&nbsp;<\/div>\n<p><b>Cele:<\/b><\/p>\n<div align=\"justify\">Celem studi\u00f3w jest przygotowanie s\u0142uchaczy do pracy z dzieckiem ze spektrum autyzmu i Zespo\u0142em Aspergera. Absolwenci poszerz\u0105 tak\u017ce kwalifikacje do pracy na stanowisku nauczyciela wspomagaj\u0105cego w oddzia\u0142ach integracyjnych. Program studi\u00f3w ukierunkowany jest na rozwijanie kompetencji koniecznych do projektowania i realizacji zada\u0144 zwi\u0105zanych z opiek\u0105, wychowaniem, wspieraniem rozwoju i pomoc\u0105 zar\u00f3wno dla dzieci i m\u0142odzie\u017cy, jak i ich rodzin.<\/div>\n<div align=\"justify\">Studia z zakresu pracy z dzieckiem z autyzmem i Zespo\u0142em Aspergera to po\u0142\u0105czenie teorii z praktyk\u0105. Zaj\u0119cia prowadz\u0105 zar\u00f3wno teoretycy, jak i osoby pracuj\u0105ce w instytucjach zajmuj\u0105cych si\u0119 osobami niepe\u0142nosprawnymi. S\u0142uchacze maj\u0105 okazj\u0119 nie tylko pozna\u0107 teoretyczne aspekty warunkuj\u0105ce efektywno\u015b\u0107 pracy z dzie\u0107mi i m\u0142odzie\u017c\u0105, ale tak\u017ce rozwin\u0105\u0107 swoje kompetencje konieczne w pracy nauczyciela w oddziale specjalnym, integracyjnym i og\u00f3lnodost\u0119pnym.<\/div>\n<div align=\"justify\">&nbsp;<\/div>\n<\/div>\n<div align=\"justify\"><strong>Typ studi\u00f3w:<\/strong> studia podyplomowe kwalifikacyjne.<\/div>\n<div align=\"justify\">&nbsp;<\/div>\n<div align=\"justify\">\n<p><b>Czas trwania:<\/b> trzy semestry<\/p>\n<p><b>Koszt studi\u00f3w:<\/b> 3 300 z\u0142 (1 1 00 z\u0142 za semestr)- p\u0142atne w miesi\u0119cznych ratach + 150 z\u0142 op\u0142ata wpisowa<\/p>\n<p><strong>Rozpocz\u0119cie studi\u00f3w: pa\u017adziernik 2024 r.<\/strong><\/p>\n<\/div>\t\t\t\t\t\t<\/div>\n\t\t\t\t<\/div>\n\t\t\t\t<div class=\"elementor-element elementor-element-ba2ece1 elementor-align-left elementor-widget elementor-widget-button\" data-id=\"ba2ece1\" data-element_type=\"widget\" data-widget_type=\"button.default\">\n\t\t\t\t<div class=\"elementor-widget-container\">\n\t\t\t\t\t<div class=\"elementor-button-wrapper\">\n\t\t\t<a class=\"elementor-button elementor-button-link elementor-size-sm\" href=\"https:\/\/sdk.edu.pl\/index.php\/zapisz-sie-na-studia\/\">\n\t\t\t\t\t\t<span class=\"elementor-button-content-wrapper\">\n\t\t\t\t\t\t<span class=\"elementor-button-text\">ZAPISZ SIE NA STUDIA<\/span>\n\t\t<\/span>\n\t\t\t\t\t<\/a>\n\t\t<\/div>\n\t\t\t\t<\/div>\n\t\t\t\t<\/div>\n\t\t\t\t\t<\/div>\n\t\t<\/div>\n\t\t\t\t\t\t\t<\/div>\n\t\t<\/section>\n\t\t\t\t\t\t\t<\/div>\n\t\t","protected":false},"excerpt":{"rendered":"<p>Edukacja i terapia os\u00f3b z zaburzeniami ze spektrum autyzmu Adresaci: 3300 z\u0142 Studia adresowane s\u0105 do os\u00f3b zainteresowanych poszerzeniem wiedzy w zakresie autyzmu, absolwent\u00f3w studi\u00f3w wy\u017cszych &#8211; licencjackich i magisterskich, posiadaj\u0105cych przygotowanie pedagogiczne. &nbsp; Cele: Celem studi\u00f3w jest przygotowanie s\u0142uchaczy do pracy z dzieckiem ze spektrum autyzmu i Zespo\u0142em Aspergera. Absolwenci poszerz\u0105 tak\u017ce kwalifikacje do [&hellip;]<\/p>\n","protected":false},"author":1,"featured_media":0,"parent":0,"menu_order":0,"comment_status":"closed","ping_status":"closed","template":"elementor_header_footer","meta":[],"_links":{"self":[{"href":"https:\/\/sdk.edu.pl\/index.php\/wp-json\/wp\/v2\/pages\/2117"}],"collection":[{"href":"https:\/\/sdk.edu.pl\/index.php\/wp-json\/wp\/v2\/pages"}],"about":[{"href":"https:\/\/sdk.edu.pl\/index.php\/wp-json\/wp\/v2\/types\/page"}],"author":[{"embeddable":true,"href":"https:\/\/sdk.edu.pl\/index.php\/wp-json\/wp\/v2\/users\/1"}],"replies":[{"embeddable":true,"href":"https:\/\/sdk.edu.pl\/index.php\/wp-json\/wp\/v2\/comments?post=2117"}],"version-history":[{"count":58,"href":"https:\/\/sdk.edu.pl\/index.php\/wp-json\/wp\/v2\/pages\/2117\/revisions"}],"predecessor-version":[{"id":2985,"href":"https:\/\/sdk.edu.pl\/index.php\/wp-json\/wp\/v2\/pages\/2117\/revisions\/2985"}],"wp:attachment":[{"href":"https:\/\/sdk.edu.pl\/index.php\/wp-json\/wp\/v2\/media?parent=2117"}],"curies":[{"name":"wp","href":"https:\/\/api.w.org\/{rel}","templated":true}]}}